{"id":256,"date":"2015-07-29T13:30:13","date_gmt":"2015-07-29T13:30:13","guid":{"rendered":"https:\/\/labigne.de\/labigne-interpretes\/kontakt-konferenzdolmetscher-deutsch-franzoesisch.htm"},"modified":"2020-04-29T12:33:03","modified_gmt":"2020-04-29T12:33:03","slug":"contacter","status":"publish","type":"page","link":"https:\/\/labigne.de\/fr\/contacter\/","title":{"rendered":"Contact"},"content":{"rendered":"<p>[et_pb_section fb_built=\u00a0\u00bb1&Prime; fullwidth=\u00a0\u00bbon\u00a0\u00bb _builder_version=\u00a0\u00bb4.0.9&Prime; global_module=\u00a0\u00bb1245&Prime; saved_tabs=\u00a0\u00bball\u00a0\u00bb][et_pb_fullwidth_image src=\u00a0\u00bbhttps:\/\/labigne.de\/wp-content\/uploads\/2020\/04\/h-conference-interpreter-francais.jpg\u00a0\u00bb _builder_version=\u00a0\u00bb4.4.2&Prime; animation_style=\u00a0\u00bbzoom\u00a0\u00bb box_shadow_style=\u00a0\u00bbpreset3&Prime;][\/et_pb_fullwidth_image][\/et_pb_section][et_pb_section fb_built=\u00a0\u00bb1&Prime; _builder_version=\u00a0\u00bb4.0.9&Prime; max_width=\u00a0\u00bb1240px\u00a0\u00bb module_alignment=\u00a0\u00bbcenter\u00a0\u00bb custom_padding=\u00a0\u00bb0px||||false|false\u00a0\u00bb box_shadow_style=\u00a0\u00bbpreset3&Prime;][et_pb_row column_structure=\u00a0\u00bb2_3,1_3&Prime; _builder_version=\u00a0\u00bb4.0.5&Prime; background_size=\u00a0\u00bbinitial\u00a0\u00bb background_position=\u00a0\u00bbtop_left\u00a0\u00bb background_repeat=\u00a0\u00bbrepeat\u00a0\u00bb custom_margin=\u00a0\u00bb|||80px|false|false\u00a0\u00bb custom_margin_tablet=\u00a0\u00bb\u00a0\u00bb custom_margin_phone=\u00a0\u00bb|||24px|false|false\u00a0\u00bb custom_margin_last_edited=\u00a0\u00bbon|desktop\u00a0\u00bb][et_pb_column type=\u00a0\u00bb2_3&Prime; _builder_version=\u00a0\u00bb3.25&Prime; custom_padding=\u00a0\u00bb|||\u00a0\u00bb custom_padding__hover=\u00a0\u00bb|||\u00a0\u00bb][et_pb_text _builder_version=\u00a0\u00bb4.4.2&Prime; background_size=\u00a0\u00bbinitial\u00a0\u00bb background_position=\u00a0\u00bbtop_left\u00a0\u00bb background_repeat=\u00a0\u00bbrepeat\u00a0\u00bb hover_enabled=\u00a0\u00bb0&Prime;]<\/p>\n<h2>Prenez contact avec nous.<\/h2>\n<p>Alt-Tempelhof 9\u00a0\u2022\u00a012099 BERLIN<\/p>\n<p><strong>Frankfurt &amp; Berlin<\/strong><\/p>\n<table border=\"0\" width=\"50%\" cellspacing=\"0\" cellpadding=\"0\">\n<tbody>\n<tr>\n<td>T\u00e9l\u00e9phone:<\/td>\n<td>+49 (0)30 75 65 57 20<\/td>\n<\/tr>\n<tr>\n<td>T\u00e9l\u00e9fax:<br \/>Mobile:<\/td>\n<td>+49(0)3222 83 50 988<br \/>+49(0)171 773 25 13<\/td>\n<\/tr>\n<tr>\n<td>E-Mail:<br \/>Internet:<\/td>\n<td><a title=\"E-Mail an labigne dolmetscherdienste - Konferenzdolmetschen Englisch - Franz\u00f6sisch - Deutsch - Chinesisch - Berlin-Frankfurt\" href=\"mailto:info@labigne.de\">info@labigne.de<\/a><br \/><a title=\"Konferenzdolmetschen Englisch - Franz\u00f6sisch - Deutsch - Chinesisch - Berlin-Frankfurt\" href=\"https:\/\/labigne.de\/\">labigne.de<\/a><\/td>\n<\/tr>\n<\/tbody>\n<\/table>\n<p>Prenez\u00a0<a href=\"https:\/\/labigne.de\/fr\/formulaire-contact\/\">contact avec nous<\/a>.<br \/><a href=\"https:\/\/labigne.de\/fr\/formulaire-d-offre\/\">Demandez-nous un devis<\/a>\u00a0\u2013 il ne vous engage \u00e0 rien.<\/p>\n<p>[\/et_pb_text][\/et_pb_column][et_pb_column type=\u00a0\u00bb1_3&Prime; _builder_version=\u00a0\u00bb4.0.5&Prime; custom_padding=\u00a0\u00bb|||1%|false|false\u00a0\u00bb border_width_left=\u00a0\u00bb1px\u00a0\u00bb border_color_left=\u00a0\u00bb#dfdfdf\u00a0\u00bb custom_padding__hover=\u00a0\u00bb|||\u00a0\u00bb][et_pb_image src=\u00a0\u00bbhttps:\/\/labigne.de\/wp-content\/uploads\/2015\/08\/k-konferenzdolmetscher-franzoesisch-englisch-deutsch-berlin.jpg\u00a0\u00bb align=\u00a0\u00bbcenter\u00a0\u00bb _builder_version=\u00a0\u00bb4.0.9&Prime; animation_style=\u00a0\u00bbflip\u00a0\u00bb][\/et_pb_image][et_pb_text _builder_version=\u00a0\u00bb4.0.9&Prime; custom_padding=\u00a0\u00bb5%||||false|false\u00a0\u00bb]<\/p>\n<div class=\"perfect-quotes\">Le v\u00e9ritable changement est n\u00e9cessairement double, la r\u00e9alit\u00e9 ne change que si la perception change \u00e9galement<span>- Luc de Brabandere<\/span><\/div>\n<p>[\/et_pb_text][\/et_pb_column][\/et_pb_row][\/et_pb_section]<\/p>\n","protected":false},"excerpt":{"rendered":"<p>[et_pb_section fb_built=\u00a0\u00bb1&Prime; fullwidth=\u00a0\u00bbon\u00a0\u00bb _builder_version=\u00a0\u00bb4.0.9&Prime; global_module=\u00a0\u00bb1245&Prime; saved_tabs=\u00a0\u00bball\u00a0\u00bb][et_pb_fullwidth_image src=\u00a0\u00bbhttps:\/\/labigne.de\/wp-content\/uploads\/2020\/04\/h-conference-interpreter-francais.jpg\u00a0\u00bb _builder_version=\u00a0\u00bb4.4.2&Prime; animation_style=\u00a0\u00bbzoom\u00a0\u00bb box_shadow_style=\u00a0\u00bbpreset3&Prime;][\/et_pb_fullwidth_image][\/et_pb_section][et_pb_section fb_built=\u00a0\u00bb1&Prime; _builder_version=\u00a0\u00bb4.0.9&Prime; max_width=\u00a0\u00bb1240px\u00a0\u00bb module_alignment=\u00a0\u00bbcenter\u00a0\u00bb custom_padding=\u00a0\u00bb0px||||false|false\u00a0\u00bb box_shadow_style=\u00a0\u00bbpreset3&Prime;][et_pb_row column_structure=\u00a0\u00bb2_3,1_3&Prime; _builder_version=\u00a0\u00bb4.0.5&Prime; background_size=\u00a0\u00bbinitial\u00a0\u00bb background_position=\u00a0\u00bbtop_left\u00a0\u00bb background_repeat=\u00a0\u00bbrepeat\u00a0\u00bb custom_margin=\u00a0\u00bb|||80px|false|false\u00a0\u00bb custom_margin_tablet=\u00a0\u00bb\u00a0\u00bb custom_margin_phone=\u00a0\u00bb|||24px|false|false\u00a0\u00bb custom_margin_last_edited=\u00a0\u00bbon|desktop\u00a0\u00bb][et_pb_column type=\u00a0\u00bb2_3&Prime; _builder_version=\u00a0\u00bb3.25&Prime; custom_padding=\u00a0\u00bb|||\u00a0\u00bb custom_padding__hover=\u00a0\u00bb|||\u00a0\u00bb][et_pb_text _builder_version=\u00a0\u00bb4.4.2&Prime; background_size=\u00a0\u00bbinitial\u00a0\u00bb background_position=\u00a0\u00bbtop_left\u00a0\u00bb background_repeat=\u00a0\u00bbrepeat\u00a0\u00bb hover_enabled=\u00a0\u00bb0&Prime;] Prenez contact avec nous. Alt-Tempelhof 9\u00a0\u2022\u00a012099 BERLIN Frankfurt &amp; Berlin T\u00e9l\u00e9phone: +49 (0)30 75 65 57 20 T\u00e9l\u00e9fax:Mobile: +49(0)3222 83 50 [&hellip;]<\/p>\n","protected":false},"author":6,"featured_media":0,"parent":0,"menu_order":0,"comment_status":"closed","ping_status":"closed","template":"","meta":{"_et_pb_use_builder":"on","_et_pb_old_content":"","_et_gb_content_width":"","inline_featured_image":false,"footnotes":""},"class_list":["post-256","page","type-page","status-publish","hentry"],"_links":{"self":[{"href":"https:\/\/labigne.de\/fr\/wp-json\/wp\/v2\/pages\/256","targetHints":{"allow":["GET"]}}],"collection":[{"href":"https:\/\/labigne.de\/fr\/wp-json\/wp\/v2\/pages"}],"about":[{"href":"https:\/\/labigne.de\/fr\/wp-json\/wp\/v2\/types\/page"}],"author":[{"embeddable":true,"href":"https:\/\/labigne.de\/fr\/wp-json\/wp\/v2\/users\/6"}],"replies":[{"embeddable":true,"href":"https:\/\/labigne.de\/fr\/wp-json\/wp\/v2\/comments?post=256"}],"version-history":[{"count":0,"href":"https:\/\/labigne.de\/fr\/wp-json\/wp\/v2\/pages\/256\/revisions"}],"wp:attachment":[{"href":"https:\/\/labigne.de\/fr\/wp-json\/wp\/v2\/media?parent=256"}],"curies":[{"name":"wp","href":"https:\/\/api.w.org\/{rel}","templated":true}]}}